{"id":17656,"date":"2025-04-23T13:37:34","date_gmt":"2025-04-23T18:37:34","guid":{"rendered":"https:\/\/bastropstg.wpenginepowered.com\/community-event\/asar-a-la-parrilla-con-papa\/"},"modified":"2025-04-23T13:44:58","modified_gmt":"2025-04-23T18:44:58","slug":"asar-a-la-parrilla-con-papa","status":"publish","type":"tribe_events","link":"https:\/\/www.bastropcares.org\/es\/community-event\/asar-a-la-parrilla-con-papa\/","title":{"rendered":"Asar a la parrilla con pap\u00e1"},"content":{"rendered":"<p>Este acto se ha dise\u00f1ado como una oportunidad de crear comunidad espec\u00edficamente para los padres del condado de Bastrop. Pretendemos reunir a las personas que han participado en nuestras clases 24\/7 Dad y a las que asistieron a la reciente Cumbre de la Paternidad en 2025.<\/p>\n<p>Esta reuni\u00f3n informal proporcionar\u00e1 un entorno relajado para que los padres se relacionen entre s\u00ed, fomentando una red de apoyo m\u00e1s s\u00f3lida dentro de nuestra comunidad.<\/p>\n<p>Ofreceremos un ambiente familiar con actividades para ni\u00f1os, juegos y toboganes de agua por cortes\u00eda de la furgoneta de cuidados del condado de Bastrop. Tambi\u00e9n se ofrecer\u00e1 cena (hamburguesas y perritos calientes) a las familias asistentes. Adem\u00e1s, organizaremos una breve presentaci\u00f3n de un respetado miembro de la comunidad, orientada a los padres y sus familias.<\/p>\n<p>El objetivo de \u00abChillin&#8217; and Grilling with Dad\u00bb es reforzar los lazos entre padres, fomentar el apoyo entre iguales y reforzar el impacto positivo de una paternidad implicada. Creemos que este evento cultivar\u00e1 a\u00fan m\u00e1s el sentido de comunidad que nuestro programa Pap\u00e1 24\/7 y la Cumbre de la Paternidad han empezado a establecer.<\/p>\n","protected":false},"excerpt":{"rendered":"<p>Este acto se ha dise\u00f1ado como una oportunidad de crear comunidad espec\u00edficamente para los padres del condado de Bastrop. Pretendemos reunir a las personas que han participado en nuestras clases [&hellip;]<\/p>\n","protected":false},"author":1,"featured_media":17653,"template":"","meta":{"_et_pb_use_builder":"","_et_pb_old_content":"","_et_gb_content_width":"","inline_featured_image":false,"_price":"","_stock":"","_tribe_ticket_header":"","_tribe_default_ticket_provider":"","_tribe_ticket_capacity":"0","_ticket_start_date":"","_ticket_end_date":"","_tribe_ticket_show_description":"","_tribe_ticket_show_not_going":false,"_tribe_ticket_use_global_stock":"","_tribe_ticket_global_stock_level":"","_global_stock_mode":"","_global_stock_cap":"","_tribe_rsvp_for_event":"","_tribe_ticket_going_count":"","_tribe_ticket_not_going_count":"","_tribe_tickets_list":"[]","_tribe_ticket_has_attendee_info_fields":false,"_tribe_events_status":"","_tribe_events_status_reason":"","_tribe_events_is_hybrid":"","_tribe_events_is_virtual":"","_tribe_events_virtual_video_source":"","_tribe_events_virtual_embed_video":"","_tribe_events_virtual_linked_button_text":"","_tribe_events_virtual_linked_button":"","_tribe_events_virtual_show_embed_at":"","_tribe_events_virtual_show_embed_to":[],"_tribe_events_virtual_show_on_event":"","_tribe_events_virtual_show_on_views":"","_tribe_events_virtual_url":"","footnotes":"","_tec_slr_enabled":"","_tec_slr_layout":""},"tags":[],"tribe_events_cat":[182],"class_list":["post-17656","tribe_events","type-tribe_events","status-publish","has-post-thumbnail","hentry","tribe_events_cat-comunidades-prosperas","cat_comunidades-prosperas"],"yoast_head":"<!-- This site is optimized with the Yoast SEO plugin v27.4 - https:\/\/yoast.com\/product\/yoast-seo-wordpress\/ -->\n<title>Asar a la parrilla con pap\u00e1 - Bastrop County Cares<\/title>\n<meta name=\"description\" content=\"Celebra la paternidad en Chillin and Grilling with Dad el 3 de mayo en Bastrop: comida, juegos y conexi\u00f3n para padres y familias locales.\" \/>\n<meta name=\"robots\" content=\"index, follow, max-snippet:-1, max-image-preview:large, max-video-preview:-1\" \/>\n<link rel=\"canonical\" href=\"https:\/\/www.bastropcares.org\/es\/community-event\/asar-a-la-parrilla-con-papa\/\" \/>\n<meta property=\"og:locale\" content=\"es_ES\" \/>\n<meta property=\"og:type\" content=\"article\" \/>\n<meta property=\"og:title\" content=\"Asar a la parrilla con pap\u00e1 - Bastrop County Cares\" \/>\n<meta property=\"og:description\" content=\"Celebra la paternidad en Chillin and Grilling with Dad el 3 de mayo en Bastrop: comida, juegos y conexi\u00f3n para padres y familias locales.\" \/>\n<meta property=\"og:url\" content=\"https:\/\/www.bastropcares.org\/es\/community-event\/asar-a-la-parrilla-con-papa\/\" \/>\n<meta property=\"og:site_name\" content=\"Bastrop County Cares\" \/>\n<meta property=\"article:publisher\" content=\"https:\/\/www.facebook.com\/BastropCares\" \/>\n<meta property=\"article:modified_time\" content=\"2025-04-23T18:44:58+00:00\" \/>\n<meta property=\"og:image\" content=\"https:\/\/www.bastropcares.org\/wp-content\/uploads\/2025\/04\/Chillin-and-Grilling-2025-1920x1080-1.jpg\" \/>\n\t<meta property=\"og:image:width\" content=\"1920\" \/>\n\t<meta property=\"og:image:height\" content=\"1080\" \/>\n\t<meta property=\"og:image:type\" content=\"image\/jpeg\" \/>\n<meta name=\"twitter:card\" content=\"summary_large_image\" \/>\n<meta name=\"twitter:label1\" content=\"Est. reading time\" \/>\n\t<meta name=\"twitter:data1\" content=\"1 minuto\" \/>\n<script type=\"application\/ld+json\" class=\"yoast-schema-graph\">{\"@context\":\"https:\\\/\\\/schema.org\",\"@graph\":[{\"@type\":\"WebPage\",\"@id\":\"https:\\\/\\\/www.bastropcares.org\\\/es\\\/community-event\\\/asar-a-la-parrilla-con-papa\\\/\",\"url\":\"https:\\\/\\\/www.bastropcares.org\\\/es\\\/community-event\\\/asar-a-la-parrilla-con-papa\\\/\",\"name\":\"Asar a la parrilla con pap\u00e1 - Bastrop County Cares\",\"isPartOf\":{\"@id\":\"https:\\\/\\\/www.bastropcares.org\\\/es\\\/#website\"},\"primaryImageOfPage\":{\"@id\":\"https:\\\/\\\/www.bastropcares.org\\\/es\\\/community-event\\\/asar-a-la-parrilla-con-papa\\\/#primaryimage\"},\"image\":{\"@id\":\"https:\\\/\\\/www.bastropcares.org\\\/es\\\/community-event\\\/asar-a-la-parrilla-con-papa\\\/#primaryimage\"},\"thumbnailUrl\":\"https:\\\/\\\/www.bastropcares.org\\\/wp-content\\\/uploads\\\/2025\\\/04\\\/Chillin-and-Grilling-2025-1920x1080-1.jpg\",\"datePublished\":\"2025-04-23T18:37:34+00:00\",\"dateModified\":\"2025-04-23T18:44:58+00:00\",\"description\":\"Celebra la paternidad en Chillin and Grilling with Dad el 3 de mayo en Bastrop: comida, juegos y conexi\u00f3n para padres y familias locales.\",\"breadcrumb\":{\"@id\":\"https:\\\/\\\/www.bastropcares.org\\\/es\\\/community-event\\\/asar-a-la-parrilla-con-papa\\\/#breadcrumb\"},\"inLanguage\":\"es\",\"potentialAction\":[{\"@type\":\"ReadAction\",\"target\":[\"https:\\\/\\\/www.bastropcares.org\\\/es\\\/community-event\\\/asar-a-la-parrilla-con-papa\\\/\"]}]},{\"@type\":\"ImageObject\",\"inLanguage\":\"es\",\"@id\":\"https:\\\/\\\/www.bastropcares.org\\\/es\\\/community-event\\\/asar-a-la-parrilla-con-papa\\\/#primaryimage\",\"url\":\"https:\\\/\\\/www.bastropcares.org\\\/wp-content\\\/uploads\\\/2025\\\/04\\\/Chillin-and-Grilling-2025-1920x1080-1.jpg\",\"contentUrl\":\"https:\\\/\\\/www.bastropcares.org\\\/wp-content\\\/uploads\\\/2025\\\/04\\\/Chillin-and-Grilling-2025-1920x1080-1.jpg\",\"width\":1920,\"height\":1080,\"caption\":\"Chillin and Grilling Fatherhood Collaborative 2025 Bastrop TX\"},{\"@type\":\"BreadcrumbList\",\"@id\":\"https:\\\/\\\/www.bastropcares.org\\\/es\\\/community-event\\\/asar-a-la-parrilla-con-papa\\\/#breadcrumb\",\"itemListElement\":[{\"@type\":\"ListItem\",\"position\":1,\"name\":\"Home\",\"item\":\"https:\\\/\\\/www.bastropcares.org\\\/es\\\/\"},{\"@type\":\"ListItem\",\"position\":2,\"name\":\"Eventos\",\"item\":\"https:\\\/\\\/www.bastropcares.org\\\/es\\\/community-events\\\/\"},{\"@type\":\"ListItem\",\"position\":3,\"name\":\"Asar a la parrilla con pap\u00e1\"}]},{\"@type\":\"WebSite\",\"@id\":\"https:\\\/\\\/www.bastropcares.org\\\/es\\\/#website\",\"url\":\"https:\\\/\\\/www.bastropcares.org\\\/es\\\/\",\"name\":\"Bastrop County Cares\",\"description\":\"Bastrop County Cares is a non-profit organization uniting communities in Bastrop County and central Texas through partnerships and collaborative efforts.\",\"publisher\":{\"@id\":\"https:\\\/\\\/www.bastropcares.org\\\/es\\\/#organization\"},\"potentialAction\":[{\"@type\":\"SearchAction\",\"target\":{\"@type\":\"EntryPoint\",\"urlTemplate\":\"https:\\\/\\\/www.bastropcares.org\\\/es\\\/?s={search_term_string}\"},\"query-input\":{\"@type\":\"PropertyValueSpecification\",\"valueRequired\":true,\"valueName\":\"search_term_string\"}}],\"inLanguage\":\"es\"},{\"@type\":\"Organization\",\"@id\":\"https:\\\/\\\/www.bastropcares.org\\\/es\\\/#organization\",\"name\":\"Bastrop County Cares\",\"url\":\"https:\\\/\\\/www.bastropcares.org\\\/es\\\/\",\"logo\":{\"@type\":\"ImageObject\",\"inLanguage\":\"es\",\"@id\":\"https:\\\/\\\/www.bastropcares.org\\\/es\\\/#\\\/schema\\\/logo\\\/image\\\/\",\"url\":\"https:\\\/\\\/www.bastropcares.org\\\/wp-content\\\/uploads\\\/2025\\\/02\\\/Bastrop-County-Cares-Logo-STACKED-\u2014-V1.svg\",\"contentUrl\":\"https:\\\/\\\/www.bastropcares.org\\\/wp-content\\\/uploads\\\/2025\\\/02\\\/Bastrop-County-Cares-Logo-STACKED-\u2014-V1.svg\",\"width\":660,\"height\":269,\"caption\":\"Bastrop County Cares\"},\"image\":{\"@id\":\"https:\\\/\\\/www.bastropcares.org\\\/es\\\/#\\\/schema\\\/logo\\\/image\\\/\"},\"sameAs\":[\"https:\\\/\\\/www.facebook.com\\\/BastropCares\",\"https:\\\/\\\/www.instagram.com\\\/bastropcountycares\\\/\"]}]}<\/script>\n<!-- \/ Yoast SEO plugin. -->","yoast_head_json":{"title":"Asar a la parrilla con pap\u00e1 - Bastrop County Cares","description":"Celebra la paternidad en Chillin and Grilling with Dad el 3 de mayo en Bastrop: comida, juegos y conexi\u00f3n para padres y familias locales.","robots":{"index":"index","follow":"follow","max-snippet":"max-snippet:-1","max-image-preview":"max-image-preview:large","max-video-preview":"max-video-preview:-1"},"canonical":"https:\/\/www.bastropcares.org\/es\/community-event\/asar-a-la-parrilla-con-papa\/","og_locale":"es_ES","og_type":"article","og_title":"Asar a la parrilla con pap\u00e1 - Bastrop County Cares","og_description":"Celebra la paternidad en Chillin and Grilling with Dad el 3 de mayo en Bastrop: comida, juegos y conexi\u00f3n para padres y familias locales.","og_url":"https:\/\/www.bastropcares.org\/es\/community-event\/asar-a-la-parrilla-con-papa\/","og_site_name":"Bastrop County Cares","article_publisher":"https:\/\/www.facebook.com\/BastropCares","article_modified_time":"2025-04-23T18:44:58+00:00","og_image":[{"width":1920,"height":1080,"url":"https:\/\/www.bastropcares.org\/wp-content\/uploads\/2025\/04\/Chillin-and-Grilling-2025-1920x1080-1.jpg","type":"image\/jpeg"}],"twitter_card":"summary_large_image","twitter_misc":{"Est. reading time":"1 minuto"},"schema":{"@context":"https:\/\/schema.org","@graph":[{"@type":"WebPage","@id":"https:\/\/www.bastropcares.org\/es\/community-event\/asar-a-la-parrilla-con-papa\/","url":"https:\/\/www.bastropcares.org\/es\/community-event\/asar-a-la-parrilla-con-papa\/","name":"Asar a la parrilla con pap\u00e1 - Bastrop County Cares","isPartOf":{"@id":"https:\/\/www.bastropcares.org\/es\/#website"},"primaryImageOfPage":{"@id":"https:\/\/www.bastropcares.org\/es\/community-event\/asar-a-la-parrilla-con-papa\/#primaryimage"},"image":{"@id":"https:\/\/www.bastropcares.org\/es\/community-event\/asar-a-la-parrilla-con-papa\/#primaryimage"},"thumbnailUrl":"https:\/\/www.bastropcares.org\/wp-content\/uploads\/2025\/04\/Chillin-and-Grilling-2025-1920x1080-1.jpg","datePublished":"2025-04-23T18:37:34+00:00","dateModified":"2025-04-23T18:44:58+00:00","description":"Celebra la paternidad en Chillin and Grilling with Dad el 3 de mayo en Bastrop: comida, juegos y conexi\u00f3n para padres y familias locales.","breadcrumb":{"@id":"https:\/\/www.bastropcares.org\/es\/community-event\/asar-a-la-parrilla-con-papa\/#breadcrumb"},"inLanguage":"es","potentialAction":[{"@type":"ReadAction","target":["https:\/\/www.bastropcares.org\/es\/community-event\/asar-a-la-parrilla-con-papa\/"]}]},{"@type":"ImageObject","inLanguage":"es","@id":"https:\/\/www.bastropcares.org\/es\/community-event\/asar-a-la-parrilla-con-papa\/#primaryimage","url":"https:\/\/www.bastropcares.org\/wp-content\/uploads\/2025\/04\/Chillin-and-Grilling-2025-1920x1080-1.jpg","contentUrl":"https:\/\/www.bastropcares.org\/wp-content\/uploads\/2025\/04\/Chillin-and-Grilling-2025-1920x1080-1.jpg","width":1920,"height":1080,"caption":"Chillin and Grilling Fatherhood Collaborative 2025 Bastrop TX"},{"@type":"BreadcrumbList","@id":"https:\/\/www.bastropcares.org\/es\/community-event\/asar-a-la-parrilla-con-papa\/#breadcrumb","itemListElement":[{"@type":"ListItem","position":1,"name":"Home","item":"https:\/\/www.bastropcares.org\/es\/"},{"@type":"ListItem","position":2,"name":"Eventos","item":"https:\/\/www.bastropcares.org\/es\/community-events\/"},{"@type":"ListItem","position":3,"name":"Asar a la parrilla con pap\u00e1"}]},{"@type":"WebSite","@id":"https:\/\/www.bastropcares.org\/es\/#website","url":"https:\/\/www.bastropcares.org\/es\/","name":"Bastrop County Cares","description":"Bastrop County Cares is a non-profit organization uniting communities in Bastrop County and central Texas through partnerships and collaborative efforts.","publisher":{"@id":"https:\/\/www.bastropcares.org\/es\/#organization"},"potentialAction":[{"@type":"SearchAction","target":{"@type":"EntryPoint","urlTemplate":"https:\/\/www.bastropcares.org\/es\/?s={search_term_string}"},"query-input":{"@type":"PropertyValueSpecification","valueRequired":true,"valueName":"search_term_string"}}],"inLanguage":"es"},{"@type":"Organization","@id":"https:\/\/www.bastropcares.org\/es\/#organization","name":"Bastrop County Cares","url":"https:\/\/www.bastropcares.org\/es\/","logo":{"@type":"ImageObject","inLanguage":"es","@id":"https:\/\/www.bastropcares.org\/es\/#\/schema\/logo\/image\/","url":"https:\/\/www.bastropcares.org\/wp-content\/uploads\/2025\/02\/Bastrop-County-Cares-Logo-STACKED-\u2014-V1.svg","contentUrl":"https:\/\/www.bastropcares.org\/wp-content\/uploads\/2025\/02\/Bastrop-County-Cares-Logo-STACKED-\u2014-V1.svg","width":660,"height":269,"caption":"Bastrop County Cares"},"image":{"@id":"https:\/\/www.bastropcares.org\/es\/#\/schema\/logo\/image\/"},"sameAs":["https:\/\/www.facebook.com\/BastropCares","https:\/\/www.instagram.com\/bastropcountycares\/"]}]}},"ticketed":false,"_links":{"self":[{"href":"https:\/\/www.bastropcares.org\/es\/wp-json\/wp\/v2\/tribe_events\/17656","targetHints":{"allow":["GET"]}}],"collection":[{"href":"https:\/\/www.bastropcares.org\/es\/wp-json\/wp\/v2\/tribe_events"}],"about":[{"href":"https:\/\/www.bastropcares.org\/es\/wp-json\/wp\/v2\/types\/tribe_events"}],"author":[{"embeddable":true,"href":"https:\/\/www.bastropcares.org\/es\/wp-json\/wp\/v2\/users\/1"}],"version-history":[{"count":0,"href":"https:\/\/www.bastropcares.org\/es\/wp-json\/wp\/v2\/tribe_events\/17656\/revisions"}],"wp:featuredmedia":[{"embeddable":true,"href":"https:\/\/www.bastropcares.org\/es\/wp-json\/wp\/v2\/media\/17653"}],"wp:attachment":[{"href":"https:\/\/www.bastropcares.org\/es\/wp-json\/wp\/v2\/media?parent=17656"}],"wp:term":[{"taxonomy":"post_tag","embeddable":true,"href":"https:\/\/www.bastropcares.org\/es\/wp-json\/wp\/v2\/tags?post=17656"},{"taxonomy":"tribe_events_cat","embeddable":true,"href":"https:\/\/www.bastropcares.org\/es\/wp-json\/wp\/v2\/tribe_events_cat?post=17656"}],"curies":[{"name":"wp","href":"https:\/\/api.w.org\/{rel}","templated":true}]}}